{"version":"1.0","provider_name":"Pillang\u00f3 Szent\u00e9ly","provider_url":"https:\/\/pillangoszentely.cafeblog.hu","author_name":"Bihari \u00c9va","author_url":"https:\/\/pillangoszentely.cafeblog.hu\/author\/smaragdina\/","title":"Engedd el","html":"<p style=\"text-align: justify\">A g\u00f6rcs\u00f6ss\u00e9gedet. Annyi minden van az \u00e9letben, amit ir\u00e1ny\u00edtani kell. Persze mehetne minden a maga temp\u00f3j\u00e1ban, a saj\u00e1t ig\u00e9nye szerint \u00e9s a dolgok \u00f6n\u00e1ll\u00f3 ritmus\u00e1ban. De a mi fizikai vil\u00e1gunkban ezt szinte lehetetlen elk\u00e9pzelni. \u00d6sszeomlik a rendszer, ha nem \u00fagy csin\u00e1lod, szervezed \u00e9s rakod \u00f6ssze a napot, ahogy azt kell.\u00a0<\/p>\r\n<p style=\"text-align: justify\">Sz\u00f3val van rengeteg olyan dolog, amit \u00f6ssze kell szervezni egy nap.\u00a0 Nekem p\u00e9ld\u00e1ul ott a reggel. Mikor kelek, mikor indulok. K\u00f6zben mit csin\u00e1lok, ha nem keltem fel id\u0151ben mi az, ami kimarad. A reggeli torna, egy gyors zuhany, k\u00e1v\u00e9 \u00e9s p\u00e1r falat reggeli, azt\u00e1n apa \u00e9breszt\u00e9se, nem besz\u00e9lve a gyerekek ruh\u00e1j\u00e1nak kik\u00e9sz\u00edt\u00e9s\u00e9r\u0151l, ja \u00e9s v\u00e1lt\u00f3ruha az oviba. Kuty\u00e1knak kaja \u00e9s friss v\u00edz. R\u00f6pke reggeli pillanatk\u00e9p. Majd ezut\u00e1n j\u00f6het a nap. Melyik gyereknek milyen foglalkoz\u00e1sa van aznap. Mikorra megyek \u00e9rt\u00fck, kell e v\u00e1s\u00e1rolni, f\u0151zni \u00e9s egy\u00e9b apr\u00f3s\u00e1gok ezernyi feladata forog minden nap a fejemben. Tele a fej\u00fcnk a megoldand\u00f3 feladatokra v\u00e1r\u00f3 post it-ekkel. Ezek vagyunk mi n\u0151k. Mert a pasik fej\u00e9vel is mi gondolkodunk, de ebbe most nem megy\u00fcnk bele.\u00a0<\/p>\r\n<p style=\"text-align: justify\">Ha mindez m\u00e9g kev\u00e9s lenne, j\u00f6hetnek a napi akut feladatok megold\u00e1sa \u00e9s a logisztika, csiki-csuki hogy minden meglegyen.\u00a0<\/p>\r\n<p style=\"text-align: justify\">Gondolj bele mi lenne, ha mindezt elengedhetn\u00e9d. Ha nem kellene megtervezni, nem lenne sz\u00fcks\u00e9g arra, hogy \u00f6sszerendezd. Csak t\u00f6rt\u00e9nn\u00e9nek a dolgok. Sosem tudjuk meg, mert nincs b\u00e1tors\u00e1gunk ezt hagyni. Max n\u00e9h\u00e1ny \u00f3r\u00e1ra \u00e9s azonnal bele is ny\u00falunk.\u00a0\u00dagy hissz\u00fck nem mennek a dolgok, ha nem mi ir\u00e1ny\u00edtjuk.<\/p>\r\n<p style=\"text-align: justify\">Szerintem a napi feladatok a rengeteg post-it feldolgoz\u00e1sa, ha meg is marad szervez\u00e9ses m\u0171sornak, m\u00e9g mindid ott a lelked. Ott van az, hogy mire v\u00e1gysz \u00e9s mit szeretn\u00e9l.\u00a0<\/p>\r\n<p style=\"text-align: justify\">Itt, \u00e9leted ezen a ter\u00fclet\u00e9n, legal\u00e1bb itt engedd el a vezet\u00e9st. Engedd, hogy az \u00e9let megoldja helyetted. Engedd pihenni tudatodat \u00e9s sz\u00e1rnyalni lelkedet. De minimum a tudatodat engedd pihenni. Nem nagy feladat. Hidd el! Egyszer\u0171en csak hagyd, hogy gondolataid tov\u00e1bb menjenek. Engedd el agyal\u00e1sod; a mi lesz ha, \u00e9s hogy fogom megoldani ezt a helyzetet c\u00edm\u0171 bels\u0151 szappanoper\u00e1idat. Hagyd, hogy befejez\u0151djenek, \u00fagy hogy nincs k\u00f6vetkez\u0151 epiz\u00f3d. Nincs, nem kapt\u00e1l r\u00e1 licencet. Az ember szeret szenvedni, az \u00e9let apr\u00f3 rezd\u00fcl\u00e9seit felnagy\u00edtani \u00e9n begubancolni mindent. Azt\u00e1n lehet kigubancolni, rendezgetni, lev\u00e1logatni a dolgokat.<\/p>\r\n<p style=\"text-align: justify\">Tudod, amikor a sz\u00edv \u00e9rzelmeit \u00e9s v\u00e1gyait szeretn\u00e9d tudatosan rendezgetni, skatuly\u00e1zni \u00e9s sz\u00edvz\u0171r\u00f6det akarod rendbe tenni a megszokott \u00f6sszerendezek mindent c\u00edm\u0171 programoddal nos, szer\u00e9nyen \u00e9s halkan megjegyezn\u00e9m, hogy nem fog siker\u00fclni.\u00a0<\/p>\r\n<p style=\"text-align: justify\">Nem tudod tudatosan megoldani, nem lehet az \u00e1ltalad \u00fagy bev\u00e1lt rendszer alapj\u00e1n\u00a0 rendezgetni. Az \u00e9rzelmi k\u00e1oszt, a sz\u00edved \u00e1ltal felsejlett \u00e9rzelmi konfliktust, \u00e9rzelmeid vad vihar\u00e1t nem csit\u00edthatod fejf\u00e1j\u00e1s csillap\u00edt\u00f3val. Nem lesz r\u00e1 j\u00f3, a hozok egy d\u00f6nt\u00e9st \u00e9s megoldottam, \u00e9s nem fog m\u0171k\u00f6dni az sem, ha sz\u00e9pen a sz\u0151nyeg al\u00e1 s\u00f6pr\u00f6d. Ezek a gondolati megold\u00e1sok nem m\u0171k\u00f6dnek.<\/p>","type":"rich"}